{"id":49569,"date":"2022-05-11T16:34:00","date_gmt":"2022-05-11T13:34:00","guid":{"rendered":"https:\/\/sgdd.org.tr\/?post_type=mhpss&#038;p=49569"},"modified":"2023-05-11T16:51:33","modified_gmt":"2023-05-11T13:51:33","slug":"dunya-ruh-sagligi-gunu-kutlu-olsun","status":"publish","type":"mhpss","link":"https:\/\/sgdd.org.tr\/fa\/mhpss\/dunya-ruh-sagligi-gunu-kutlu-olsun\/","title":{"rendered":"D\u00fcnya Ruh Sa\u011fl\u0131\u011f\u0131 G\u00fcn\u00fc Kutlu Olsun!"},"content":{"rendered":"\n<p>Her y\u0131l yeni bir temayla kutlanan D\u00fcnya Ruh Sa\u011fl\u0131\u011f\u0131 G\u00fcn\u00fc\u2019n\u00fcn bu y\u0131lki temas\u0131 \u201cHerkes \u0130\u00e7in Ruh Sa\u011fl\u0131\u011f\u0131 ve \u0130yilik Halini K\u00fcresel \u00d6ncelik Haline Getirmek\u201d olarak belirlenmi\u015ftir. G\u00f6\u00e7, pandemi ve sava\u015flar k\u00fcresel olarak iyilik halimizi etkilemektedir. Herkesin ihtiya\u00e7 duydu\u011fu psikolojik sa\u011fl\u0131\u011fa eri\u015fmesi ve psikolojik iyilik halinin g\u00f6zetilmesi olduk\u00e7a \u00f6nemlidir. Toplumsal bir iyilik hali herkes i\u00e7in hakt\u0131r! <\/p>\n\n\n\n<p>E\u015fit ko\u015fullarda ruh sa\u011fl\u0131\u011f\u0131n\u0131n korunmas\u0131 herkes i\u00e7in hakt\u0131r! <\/p>\n\n\n\n<p>D\u00fcnya Ruh Sa\u011fl\u0131\u011f\u0131 G\u00fcn\u00fc kutlu olsun.<a href=\"https:\/\/www.youtube.com\/@MigrantTV\"><\/a><\/p>\n\n\n\n<figure class=\"wp-block-embed is-type-video is-provider-youtube wp-block-embed-youtube wp-embed-aspect-16-9 wp-has-aspect-ratio\"><div class=\"wp-block-embed__wrapper\">\n<iframe title=\"D\u00fcnya Ruh Sa\u011fl\u0131\u011f\u0131 G\u00fcn\u00fc Kutlu Olsun!\" width=\"800\" height=\"450\" data-src=\"https:\/\/www.youtube.com\/embed\/rnNV7NAbPLs?feature=oembed\" frameborder=\"0\" allow=\"accelerometer; autoplay; clipboard-write; encrypted-media; gyroscope; picture-in-picture; web-share\" referrerpolicy=\"strict-origin-when-cross-origin\" allowfullscreen src=\"data:image\/svg+xml;base64,PHN2ZyB3aWR0aD0iMSIgaGVpZ2h0PSIxIiB4bWxucz0iaHR0cDovL3d3dy53My5vcmcvMjAwMC9zdmciPjwvc3ZnPg==\" class=\"lazyload\" data-load-mode=\"1\"><\/iframe>\n<\/div><\/figure>\n","protected":false},"excerpt":{"rendered":"<p>D\u00fcnya Ruh Sa\u011fl\u0131\u011f\u0131 Federasyonu taraf\u0131ndan 1992 y\u0131l\u0131ndan itibaren 10 Ekim, D\u00fcnya Ruh Sa\u011fl\u0131\u011f\u0131 G\u00fcn\u00fc olarak belirlenmi\u015ftir.<\/p>\n","protected":false},"featured_media":49570,"template":"","mhpss_post":[231],"mhpss_brosur":[],"mhpss_video":[],"class_list":["post-49569","mhpss","type-mhpss","status-publish","has-post-thumbnail","hentry","mhpss_post-video"],"acf":[],"_links":{"self":[{"href":"https:\/\/sgdd.org.tr\/fa\/wp-json\/wp\/v2\/mhpss\/49569","targetHints":{"allow":["GET"]}}],"collection":[{"href":"https:\/\/sgdd.org.tr\/fa\/wp-json\/wp\/v2\/mhpss"}],"about":[{"href":"https:\/\/sgdd.org.tr\/fa\/wp-json\/wp\/v2\/types\/mhpss"}],"wp:featuredmedia":[{"embeddable":true,"href":"https:\/\/sgdd.org.tr\/fa\/wp-json\/wp\/v2\/media\/49570"}],"wp:attachment":[{"href":"https:\/\/sgdd.org.tr\/fa\/wp-json\/wp\/v2\/media?parent=49569"}],"wp:term":[{"taxonomy":"mhpss_post","embeddable":true,"href":"https:\/\/sgdd.org.tr\/fa\/wp-json\/wp\/v2\/mhpss_post?post=49569"},{"taxonomy":"mhpss_brosur","embeddable":true,"href":"https:\/\/sgdd.org.tr\/fa\/wp-json\/wp\/v2\/mhpss_brosur?post=49569"},{"taxonomy":"mhpss_video","embeddable":true,"href":"https:\/\/sgdd.org.tr\/fa\/wp-json\/wp\/v2\/mhpss_video?post=49569"}],"curies":[{"name":"wp","href":"https:\/\/api.w.org\/{rel}","templated":true}]}}